{"id":1671,"date":"2023-07-06T15:02:32","date_gmt":"2023-07-06T13:02:32","guid":{"rendered":"https:\/\/scaed.eu\/dzialania-i-galeria\/"},"modified":"2023-12-05T11:23:54","modified_gmt":"2023-12-05T10:23:54","slug":"dzialania-i-galeria","status":"publish","type":"page","link":"https:\/\/scaed.eu\/pl\/dzialania-i-galeria\/","title":{"rendered":"Dzia\u0142ania i galeria"},"content":{"rendered":"\t\t<div data-elementor-type=\"wp-page\" data-elementor-id=\"1671\" class=\"elementor elementor-1671 elementor-411\" data-elementor-post-type=\"page\">\n\t\t\t\t\t\t<section class=\"elementor-section elementor-top-section elementor-element elementor-element-4dbe2f7 elementor-section-height-min-height elementor-section-boxed elementor-section-height-default elementor-section-items-middle\" data-id=\"4dbe2f7\" data-element_type=\"section\" data-e-type=\"section\" data-settings=\"{&quot;background_background&quot;:&quot;classic&quot;,&quot;jet_parallax_layout_list&quot;:[]}\">\n\t\t\t\t\t\t\t<div class=\"elementor-background-overlay\"><\/div>\n\t\t\t\t\t\t\t<div class=\"elementor-container elementor-column-gap-default\">\n\t\t\t\t\t<div class=\"elementor-column elementor-col-100 elementor-top-column elementor-element elementor-element-63fe606\" data-id=\"63fe606\" data-element_type=\"column\" data-e-type=\"column\">\n\t\t\t<div class=\"elementor-widget-wrap\">\n\t\t\t\t\t\t\t<\/div>\n\t\t<\/div>\n\t\t\t\t\t<\/div>\n\t\t<\/section>\n\t\t\t\t<section class=\"elementor-section elementor-top-section elementor-element elementor-element-e918346 elementor-section-height-min-height elementor-section-boxed elementor-section-height-default elementor-section-items-middle\" data-id=\"e918346\" data-element_type=\"section\" data-e-type=\"section\" data-settings=\"{&quot;jet_parallax_layout_list&quot;:[]}\">\n\t\t\t\t\t\t<div class=\"elementor-container elementor-column-gap-default\">\n\t\t\t\t\t<div class=\"elementor-column elementor-col-100 elementor-top-column elementor-element elementor-element-5cd65b5\" data-id=\"5cd65b5\" data-element_type=\"column\" data-e-type=\"column\">\n\t\t\t<div class=\"elementor-widget-wrap elementor-element-populated\">\n\t\t\t\t\t\t<div class=\"elementor-element elementor-element-ac69a23 elementor-widget elementor-widget-heading\" data-id=\"ac69a23\" data-element_type=\"widget\" data-e-type=\"widget\" data-widget_type=\"heading.default\">\n\t\t\t\t<div class=\"elementor-widget-container\">\n\t\t\t\t\t<h2 class=\"elementor-heading-title elementor-size-default\">Dzia\u0142ania<\/h2>\t\t\t\t<\/div>\n\t\t\t\t<\/div>\n\t\t\t\t<div class=\"elementor-element elementor-element-c95ffa7 elementor-widget elementor-widget-heading\" data-id=\"c95ffa7\" data-element_type=\"widget\" data-e-type=\"widget\" data-widget_type=\"heading.default\">\n\t\t\t\t<div class=\"elementor-widget-container\">\n\t\t\t\t\t<h2 class=\"elementor-heading-title elementor-size-default\">i galeria<\/h2>\t\t\t\t<\/div>\n\t\t\t\t<\/div>\n\t\t\t\t<section class=\"elementor-section elementor-inner-section elementor-element elementor-element-6cfb04c elementor-section-boxed elementor-section-height-default elementor-section-height-default\" data-id=\"6cfb04c\" data-element_type=\"section\" data-e-type=\"section\" data-settings=\"{&quot;jet_parallax_layout_list&quot;:[]}\">\n\t\t\t\t\t\t<div class=\"elementor-container elementor-column-gap-default\">\n\t\t\t\t\t<div class=\"elementor-column elementor-col-100 elementor-inner-column elementor-element elementor-element-9683327\" data-id=\"9683327\" data-element_type=\"column\" data-e-type=\"column\">\n\t\t\t<div class=\"elementor-widget-wrap elementor-element-populated\">\n\t\t\t\t\t\t<div class=\"elementor-element elementor-element-5a4cf9c elementor-widget elementor-widget-jet-timeline\" data-id=\"5a4cf9c\" data-element_type=\"widget\" data-e-type=\"widget\" data-widget_type=\"jet-timeline.default\">\n\t\t\t\t<div class=\"elementor-widget-container\">\n\t\t\t\t\t<div class=\"elementor-jet-timeline jet-elements\"><div class=\"jet-timeline jet-timeline--align-center jet-timeline--align-middle\">\n\t<div class=\"jet-timeline__line\"><div class=\"jet-timeline__line-progress\"><\/div><\/div>\n\t<div class=\"jet-timeline-list\"><div class=\"jet-timeline-item  elementor-repeater-item-da32c90 jet-timeline-item--image-inside\">\n\t<div class=\"timeline-item__card\">\n\t\t<div class=\"timeline-item__card-inner\">\n\t\t\t\t<div class=\"timeline-item__card-img\"><img fetchpriority=\"high\" decoding=\"async\" width=\"1200\" height=\"900\" src=\"https:\/\/scaed.eu\/wp-content\/uploads\/2023\/07\/Kick-off-meeting_19.jpg\" class=\"attachment-full size-full wp-image-438\" alt=\"\" \/><\/div>\t\t\t\t<div class=\"timeline-item__card-content\">\n\t\t\t\t\t<div class=\"timeline-item__meta\"><div class=\"timeline-item__meta-content\">12\/07\/2022<\/div><\/div><h5 class=\"timeline-item__card-title\">Spotkanie inauguracyjne w Mediolanie<\/h5><div class=\"timeline-item__card-desc\">Pierwsze mi\u0119dzynarodowe spotkanie (spotkanie inauguracyjne) 30-miesi\u0119cznego projektu Erasmus+ odby\u0142o si\u0119 w Mediolanie (W\u0142ochy) wraz z przedstawicielami 5 organizacji partnerskich<\/div><div class=\"timeline-item__card-btn-wrap\"><a class=\"timeline-item__card-btn elementor-button elementor-size-md\" role=\"button\" href=\"#elementor-action%3Aaction%3Dpopup%3Aopen%26settings%3DeyJpZCI6NTQwLCJ0b2dnbGUiOmZhbHNlfQ%3D%3D\">Galeria<\/a><\/div>\t\t\t\t<\/div>\n\t\t\t\t\t\t<\/div>\n\t\t<div class=\"timeline-item__card-arrow\"><\/div>\n\t<\/div>\n\t<div class=\"timeline-item__point\"><div class=\"timeline-item__point-content timeline-item__point-content--icon\"><span class=\"jet-elements-icon\"><i aria-hidden=\"true\" class=\"far fa-calendar-alt\"><\/i><\/span><\/div><\/div><div class=\"timeline-item__meta\"><div class=\"timeline-item__meta-content\">12\/07\/2022<\/div><\/div><\/div><div class=\"jet-timeline-item  elementor-repeater-item-4a2ec3b jet-timeline-item--image-inside\">\n\t<div class=\"timeline-item__card\">\n\t\t<div class=\"timeline-item__card-inner\">\n\t\t\t\t<div class=\"timeline-item__card-img\"><img decoding=\"async\" width=\"1280\" height=\"853\" src=\"https:\/\/scaed.eu\/wp-content\/uploads\/2023\/07\/Research.jpg\" class=\"attachment-full size-full wp-image-545\" alt=\"\" \/><\/div>\t\t\t\t<div class=\"timeline-item__card-content\">\n\t\t\t\t\t<div class=\"timeline-item__meta\"><div class=\"timeline-item__meta-content\">08\/2022 - 04\/2023<\/div><\/div><h5 class=\"timeline-item__card-title\">Badania<\/h5><div class=\"timeline-item__card-desc\">W celu opracowania \u201eRaportu na temat zaburze\u0144 od\u017cywiania w sporcie w Europie\u201d partnerzy zbadali sytuacj\u0119 dotycz\u0105c\u0105 tych zaburze\u0144 w ca\u0142ej Europie poprzez ankiety skierowane do grup docelowych (trenerzy sportowi, sportowcy, kluby sportowe itp.), analiz\u0119 statystyczn\u0105, dane i przegl\u0105d literatury. W rezultacie odkryli dyscypliny wy\u017cszego ryzyka i najcz\u0119stsze zaburzenia od\u017cywiania w\u015br\u00f3d sportowc\u00f3w. Ponadto dowiedzieli si\u0119, jakie s\u0105 luki w wiedzy trener\u00f3w sportowych i rodzin w tym zakresie.   <\/div>\t\t\t\t<\/div>\n\t\t\t\t\t\t<\/div>\n\t\t<div class=\"timeline-item__card-arrow\"><\/div>\n\t<\/div>\n\t<div class=\"timeline-item__point\"><div class=\"timeline-item__point-content timeline-item__point-content--icon\"><span class=\"jet-elements-icon\"><i aria-hidden=\"true\" class=\"far fa-calendar-alt\"><\/i><\/span><\/div><\/div><div class=\"timeline-item__meta\"><div class=\"timeline-item__meta-content\">08\/2022 - 04\/2023<\/div><\/div><\/div><div class=\"jet-timeline-item  elementor-repeater-item-49e88b6 jet-timeline-item--image-inside\">\n\t<div class=\"timeline-item__card\">\n\t\t<div class=\"timeline-item__card-inner\">\n\t\t\t\t<div class=\"timeline-item__card-img\"><img decoding=\"async\" width=\"1200\" height=\"898\" src=\"https:\/\/scaed.eu\/wp-content\/uploads\/2023\/07\/mid-term-meeting_03.jpg\" class=\"attachment-full size-full wp-image-713\" alt=\"\" \/><\/div>\t\t\t\t<div class=\"timeline-item__card-content\">\n\t\t\t\t\t<div class=\"timeline-item__meta\"><div class=\"timeline-item__meta-content\">26\/01\/2023<\/div><\/div><h5 class=\"timeline-item__card-title\">Spotkanie \u015br\u00f3dokresowe<\/h5><div class=\"timeline-item__card-desc\">G\u0142\u00f3wnym celem tego spotkania by\u0142o dokonanie oceny raportu z bada\u0144 i ustalenie wytycznych podr\u0119cznika. Odby\u0142o si\u0119 ono w Rijece w Chorwacji.  <\/div><div class=\"timeline-item__card-btn-wrap\"><a class=\"timeline-item__card-btn elementor-button elementor-size-md\" role=\"button\" href=\"#elementor-action%3Aaction%3Dpopup%3Aopen%26settings%3DeyJpZCI6Njk3LCJ0b2dnbGUiOmZhbHNlfQ%3D%3D\">Galeria<\/a><\/div>\t\t\t\t<\/div>\n\t\t\t\t\t\t<\/div>\n\t\t<div class=\"timeline-item__card-arrow\"><\/div>\n\t<\/div>\n\t<div class=\"timeline-item__point\"><div class=\"timeline-item__point-content timeline-item__point-content--icon\"><span class=\"jet-elements-icon\"><i aria-hidden=\"true\" class=\"far fa-calendar-alt\"><\/i><\/span><\/div><\/div><div class=\"timeline-item__meta\"><div class=\"timeline-item__meta-content\">26\/01\/2023<\/div><\/div><\/div><div class=\"jet-timeline-item  elementor-repeater-item-fc36b38 jet-timeline-item--image-inside\">\n\t<div class=\"timeline-item__card\">\n\t\t<div class=\"timeline-item__card-inner\">\n\t\t\t\t<div class=\"timeline-item__card-img\"><img loading=\"lazy\" decoding=\"async\" width=\"1280\" height=\"848\" src=\"https:\/\/scaed.eu\/wp-content\/uploads\/2023\/07\/Manual.jpg\" class=\"attachment-full size-full wp-image-768\" alt=\"\" \/><\/div>\t\t\t\t<div class=\"timeline-item__card-content\">\n\t\t\t\t\t<div class=\"timeline-item__meta\"><div class=\"timeline-item__meta-content\">01\/2023 - 04\/2024<\/div><\/div><h5 class=\"timeline-item__card-title\">Opracowanie podr\u0119cznika<\/h5><div class=\"timeline-item__card-desc\">EILD (WP3) przygotowa\u0142o wst\u0119pn\u0105 wersj\u0119 Podr\u0119cznika \u201eJak zapobiega\u0107 i zwalcza\u0107 zaburzenia od\u017cywiania w\u015br\u00f3d sportowc\u00f3w\u201d. Na podstawie tego dokumentu przygotowano szkolenie przygotowawcze dla mediator\u00f3w. Szkolenie to ma na celu przygotowanie trener\u00f3w i psycholog\u00f3w do prowadzenia warsztat\u00f3w na temat zaburze\u0144 od\u017cywiania dla trener\u00f3w i rodzin sportowc\u00f3w.  <\/div>\t\t\t\t<\/div>\n\t\t\t\t\t\t<\/div>\n\t\t<div class=\"timeline-item__card-arrow\"><\/div>\n\t<\/div>\n\t<div class=\"timeline-item__point\"><div class=\"timeline-item__point-content timeline-item__point-content--icon\"><span class=\"jet-elements-icon\"><i aria-hidden=\"true\" class=\"far fa-calendar-alt\"><\/i><\/span><\/div><\/div><div class=\"timeline-item__meta\"><div class=\"timeline-item__meta-content\">01\/2023 - 04\/2024<\/div><\/div><\/div><div class=\"jet-timeline-item  elementor-repeater-item-960c3fc jet-timeline-item--image-inside\">\n\t<div class=\"timeline-item__card\">\n\t\t<div class=\"timeline-item__card-inner\">\n\t\t\t\t\t\t\t\t<div class=\"timeline-item__card-content\">\n\t\t\t\t\t<div class=\"timeline-item__meta\"><div class=\"timeline-item__meta-content\">03-05\/07\/2023<\/div><\/div><h5 class=\"timeline-item__card-title\">Szkolenie dla cz\u0142onk\u00f3w zespo\u0142u<\/h5><div class=\"timeline-item__card-desc\">EILD zorganizowa\u0142o w Salonikach mi\u0119dzynarodowe szkolenie w swoich obiektach ze wszystkimi cz\u0142onkami zespo\u0142u, kt\u00f3rzy b\u0119d\u0105 odpowiedzialni za prowadzenie lokalnych warsztat\u00f3w. Zebrali r\u00f3wnie\u017c opinie, aby poprawi\u0107 jako\u015b\u0107 podr\u0119cznika <\/div>\t\t\t\t<\/div>\n\t\t\t\t\t\t<\/div>\n\t\t<div class=\"timeline-item__card-arrow\"><\/div>\n\t<\/div>\n\t<div class=\"timeline-item__point\"><div class=\"timeline-item__point-content timeline-item__point-content--icon\"><span class=\"jet-elements-icon\"><i aria-hidden=\"true\" class=\"far fa-calendar-alt\"><\/i><\/span><\/div><\/div><div class=\"timeline-item__meta\"><div class=\"timeline-item__meta-content\">03-05\/07\/2023<\/div><\/div><\/div><div class=\"jet-timeline-item  elementor-repeater-item-02d2d52 jet-timeline-item--image-inside\">\n\t<div class=\"timeline-item__card\">\n\t\t<div class=\"timeline-item__card-inner\">\n\t\t\t\t\t\t\t\t<div class=\"timeline-item__card-content\">\n\t\t\t\t\t<div class=\"timeline-item__meta\"><div class=\"timeline-item__meta-content\">09\/2023 - 02\/2024<\/div><\/div><h5 class=\"timeline-item__card-title\">Warsztaty (dzia\u0142ania lokalne)<\/h5><div class=\"timeline-item__card-desc\">W ka\u017cdym kraju partnerskim Konsorcjum zorganizowa\u0142o wspomniane wcze\u015bniej warsztaty w docelowych plac\u00f3wkach, takich jak instytucje edukacyjne szkol\u0105ce trener\u00f3w sportowych czy stowarzyszenia rodzic\u00f3w sportowc\u00f3w. Zapewni\u0142o to dalszy wgl\u0105d w jako\u015b\u0107 podr\u0119cznika, kt\u00f3ry EILD odpowiednio dostosowa\u0142. Lokalne zaj\u0119cia zorganizowa\u0142 Bulsport.  <\/div>\t\t\t\t<\/div>\n\t\t\t\t\t\t<\/div>\n\t\t<div class=\"timeline-item__card-arrow\"><\/div>\n\t<\/div>\n\t<div class=\"timeline-item__point\"><div class=\"timeline-item__point-content timeline-item__point-content--icon\"><span class=\"jet-elements-icon\"><i aria-hidden=\"true\" class=\"far fa-calendar-alt\"><\/i><\/span><\/div><\/div><div class=\"timeline-item__meta\"><div class=\"timeline-item__meta-content\">09\/2023 - 02\/2024<\/div><\/div><\/div><div class=\"jet-timeline-item  elementor-repeater-item-c787cb3 jet-timeline-item--image-inside\">\n\t<div class=\"timeline-item__card\">\n\t\t<div class=\"timeline-item__card-inner\">\n\t\t\t\t\t\t\t\t<div class=\"timeline-item__card-content\">\n\t\t\t\t\t<div class=\"timeline-item__meta\"><div class=\"timeline-item__meta-content\">01\/2023- 04\/2024<\/div><\/div><h5 class=\"timeline-item__card-title\">Przygotowanie Mapy<\/h5><div class=\"timeline-item__card-desc\">L\u2019ORMA w tym czasie przygotowa\u0142a map\u0119 cyfrow\u0105 ze wszystkimi dost\u0119pnymi Zasobami Europejskimi w odniesieniu do zaburze\u0144 od\u017cywiania. Ta mapa dzia\u0142a jako interaktywna platforma, na kt\u00f3rej og\u00f3\u0142 spo\u0142ecze\u0144stwa mo\u017ce szuka\u0107 bli\u017cszych stowarzysze\u0144\/podmiot\u00f3w, kt\u00f3re mog\u0105 zaoferowa\u0107 wsparcie osobom zmagaj\u0105cym si\u0119 z zaburzeniami od\u017cywiania. Nie istnieje podobna inicjatywa, ale partnerzy uwa\u017caj\u0105, \u017ce by\u0142aby bardzo przydatna przy szukaniu pomocy w tej sprawie.  <\/div>\t\t\t\t<\/div>\n\t\t\t\t\t\t<\/div>\n\t\t<div class=\"timeline-item__card-arrow\"><\/div>\n\t<\/div>\n\t<div class=\"timeline-item__point\"><div class=\"timeline-item__point-content timeline-item__point-content--icon\"><span class=\"jet-elements-icon\"><i aria-hidden=\"true\" class=\"far fa-calendar-alt\"><\/i><\/span><\/div><\/div><div class=\"timeline-item__meta\"><div class=\"timeline-item__meta-content\">01\/2023- 04\/2024<\/div><\/div><\/div><div class=\"jet-timeline-item  elementor-repeater-item-328f01e jet-timeline-item--image-inside\">\n\t<div class=\"timeline-item__card\">\n\t\t<div class=\"timeline-item__card-inner\">\n\t\t\t\t\t\t\t\t<div class=\"timeline-item__card-content\">\n\t\t\t\t\t<div class=\"timeline-item__meta\"><div class=\"timeline-item__meta-content\">10\/2024<\/div><\/div><h5 class=\"timeline-item__card-title\">Ko\u0144cowe spotkanie i wydarzenie upowszechniaj\u0105ce rezultaty projektu<\/h5><div class=\"timeline-item__card-desc\">Karate Klub (WP5) zorganizowa\u0142 wydarzenie upowszechniaj\u0105ce rezultaty projektu podczas Europejskiego Tygodnia Sportu, kt\u00f3rego celem by\u0142a promocja wynik\u00f3w projektu i podnoszenie \u015bwiadomo\u015bci na temat rozprzestrzeniania si\u0119 zaburze\u0144 od\u017cywiania. Wydarzenie by\u0142o konferencj\u0105 mi\u0119dzynarodowych ekspert\u00f3w w dziedzinie psychologii, zaburze\u0144 od\u017cywiania i sportu. Do przy\u0142\u0105czenia si\u0119 i zapoznania si\u0119 z inicjatyw\u0105 zostali zaproszeni przedstawiciele europejskiego sektora sportowego. Celem spotkania ko\u0144cowego by\u0142a ocena wynik\u00f3w lokalnych warsztat\u00f3w oraz ocena jako\u015bci Podr\u0119cznika i Mapy. Na koniec partnerzy przygotowali program wydarzenia upowszechniaj\u0105cego rezultaty projektu i om\u00f3wili mo\u017cliwo\u015bci kontynuowania dzia\u0142a\u0144 przeciwko rozprzestrzenianiu si\u0119 zaburze\u0144 od\u017cywiania.    <\/div>\t\t\t\t<\/div>\n\t\t\t\t\t\t<\/div>\n\t\t<div class=\"timeline-item__card-arrow\"><\/div>\n\t<\/div>\n\t<div class=\"timeline-item__point\"><div class=\"timeline-item__point-content timeline-item__point-content--icon\"><span class=\"jet-elements-icon\"><i aria-hidden=\"true\" class=\"far fa-calendar-alt\"><\/i><\/span><\/div><\/div><div class=\"timeline-item__meta\"><div class=\"timeline-item__meta-content\">10\/2024<\/div><\/div><\/div><\/div><\/div><\/div>\t\t\t\t<\/div>\n\t\t\t\t<\/div>\n\t\t\t\t\t<\/div>\n\t\t<\/div>\n\t\t\t\t\t<\/div>\n\t\t<\/section>\n\t\t\t\t\t<\/div>\n\t\t<\/div>\n\t\t\t\t\t<\/div>\n\t\t<\/section>\n\t\t\t\t<\/div>\n\t\t","protected":false},"excerpt":{"rendered":"<p>Dzia\u0142ania i galeria 12\/07\/2022 Spotkanie inauguracyjne w Mediolanie Pierwsze mi\u0119dzynarodowe spotkanie (spotkanie inauguracyjne) 30-miesi\u0119cznego projektu Erasmus+ odby\u0142o si\u0119 w Mediolanie (W\u0142ochy) wraz z przedstawicielami 5 organizacji partnerskich 12\/07\/2022 08\/2022 &#8211; 04\/2023 Badania W celu opracowania \u201eRaportu na temat zaburze\u0144 od\u017cywiania w sporcie w Europie\u201d partnerzy zbadali sytuacj\u0119 dotycz\u0105c\u0105 tych zaburze\u0144 w ca\u0142ej Europie poprzez ankiety [&hellip;]<\/p>\n","protected":false},"author":1,"featured_media":0,"parent":0,"menu_order":0,"comment_status":"closed","ping_status":"closed","template":"","meta":{"footnotes":""},"class_list":["post-1671","page","type-page","status-publish","hentry"],"_links":{"self":[{"href":"https:\/\/scaed.eu\/pl\/wp-json\/wp\/v2\/pages\/1671","targetHints":{"allow":["GET"]}}],"collection":[{"href":"https:\/\/scaed.eu\/pl\/wp-json\/wp\/v2\/pages"}],"about":[{"href":"https:\/\/scaed.eu\/pl\/wp-json\/wp\/v2\/types\/page"}],"author":[{"embeddable":true,"href":"https:\/\/scaed.eu\/pl\/wp-json\/wp\/v2\/users\/1"}],"replies":[{"embeddable":true,"href":"https:\/\/scaed.eu\/pl\/wp-json\/wp\/v2\/comments?post=1671"}],"version-history":[{"count":4,"href":"https:\/\/scaed.eu\/pl\/wp-json\/wp\/v2\/pages\/1671\/revisions"}],"predecessor-version":[{"id":3834,"href":"https:\/\/scaed.eu\/pl\/wp-json\/wp\/v2\/pages\/1671\/revisions\/3834"}],"wp:attachment":[{"href":"https:\/\/scaed.eu\/pl\/wp-json\/wp\/v2\/media?parent=1671"}],"curies":[{"name":"wp","href":"https:\/\/api.w.org\/{rel}","templated":true}]}}